{"id":440,"date":"1970-01-01T00:00:00","date_gmt":"1969-12-31T22:00:00","guid":{"rendered":"https:\/\/kiela.com\/?post_type=styling-chairs&#038;p=440"},"modified":"2025-06-24T15:34:21","modified_gmt":"2025-06-24T13:34:21","slug":"sharp","status":"publish","type":"styling-chairs","link":"https:\/\/kiela.com\/fr\/kappersstoelen\/sharp\/","title":{"rendered":"Sharp"},"content":{"rendered":"<div style=\"width: 1920px;\" class=\"wp-video\"><video class=\"wp-video-shortcode\" id=\"video-440-1\" width=\"1920\" height=\"1080\" preload=\"metadata\" controls=\"controls\"><source type=\"video\/mp4\" src=\"https:\/\/kiela.com\/wp-content\/uploads\/2023\/08\/Sharp-_productvideo_-_10-Original.mp4?_=1\" \/><a href=\"https:\/\/kiela.com\/wp-content\/uploads\/2023\/08\/Sharp-_productvideo_-_10-Original.mp4\">https:\/\/kiela.com\/wp-content\/uploads\/2023\/08\/Sharp-_productvideo_-_10-Original.mp4<\/a><\/video><\/div>\n<h3>Un design \u00e9l\u00e9gant pour votre salon<\/h3>\n<p>Le design architectural du Sharp conf\u00e8re \u00e0 ce fauteuil de barbier une bonne dose de charisme. Les sections d'aluminium entre les parties cubistes du rev\u00eatement donnent l'impression de flotter. Vous pouvez choisir parmi 23 rev\u00eatements et couleurs diff\u00e9rents pour le rev\u00eatement du Sharp.<\/p>\n<ul>\n<li>Conception architecturale<\/li>\n<li>D\u00e9tails<\/li>\n<li>Design n\u00e9erlandais<\/li>\n<li>Mat\u00e9riaux de haute qualit\u00e9<\/li>\n<li>100% ergonomique<\/li>\n<\/ul>\n<p>La coupe devient encore plus \u00e9l\u00e9gante avec l'un des chariots et tabourets de barbier Kiela, tels que, entre autres : <a href=\"https:\/\/kiela.com\/fr\/accessories\/chariot-prefere\/\">Favorite<\/a>,\u00a0<a href=\"https:\/\/kiela.com\/fr\/accessories\/chariot-de-coiffeur\/\">Hairbutler<\/a>,\u00a0<a href=\"https:\/\/kiela.com\/fr\/accessories\/selle-de-velo\/\">Saddle bike<\/a> et\u00a0<a href=\"https:\/\/kiela.com\/fr\/accessories\/tabouret\/\">Tabouret<\/a>.<\/p>\n<p>Si vous avez besoin d'un coussin pour enfant dans le m\u00eame rev\u00eatement que votre fauteuil, consultez la rubrique\u00a0<a href=\"https:\/\/kiela.com\/fr\/accessories\/coussin-pour-enfants-1889\/\">Coussin pour enfants 1889<\/a> et\u00a0<a href=\"https:\/\/kiela.com\/fr\/accessories\/coussin-pour-enfants-7181\/\">Coussin pour enfants 7181<\/a><\/p>\n<p>&nbsp;<\/p>","protected":false},"featured_media":388,"template":"","format":"standard","class_list":["post-440","styling-chairs","type-styling-chairs","status-publish","format-standard","has-post-thumbnail","hentry"],"acf":[],"_links":{"self":[{"href":"https:\/\/kiela.com\/fr\/wp-json\/wp\/v2\/styling-chairs\/440","targetHints":{"allow":["GET"]}}],"collection":[{"href":"https:\/\/kiela.com\/fr\/wp-json\/wp\/v2\/styling-chairs"}],"about":[{"href":"https:\/\/kiela.com\/fr\/wp-json\/wp\/v2\/types\/styling-chairs"}],"wp:featuredmedia":[{"embeddable":true,"href":"https:\/\/kiela.com\/fr\/wp-json\/wp\/v2\/media\/388"}],"wp:attachment":[{"href":"https:\/\/kiela.com\/fr\/wp-json\/wp\/v2\/media?parent=440"}],"curies":[{"name":"wp","href":"https:\/\/api.w.org\/{rel}","templated":true}]}}